{"id":384,"date":"2020-09-21T16:27:53","date_gmt":"2020-09-21T14:27:53","guid":{"rendered":"https:\/\/walkwithtito.com\/?page_id=384"},"modified":"2020-12-18T12:54:47","modified_gmt":"2020-12-18T11:54:47","slug":"o-meni","status":"publish","type":"page","link":"https:\/\/walkwithtito.com\/hr\/o-meni\/","title":{"rendered":"O meni"},"content":{"rendered":"<p>[et_pb_section fb_built=&#8221;1&#8243; _builder_version=&#8221;4.5.7&#8243; _module_preset=&#8221;default&#8221;][et_pb_row column_structure=&#8221;1_5,3_5,1_5&#8243; _builder_version=&#8221;4.5.7&#8243; _module_preset=&#8221;default&#8221;][et_pb_column type=&#8221;1_5&#8243; _builder_version=&#8221;4.5.7&#8243; _module_preset=&#8221;default&#8221;][\/et_pb_column][et_pb_column type=&#8221;3_5&#8243; _builder_version=&#8221;4.5.7&#8243; _module_preset=&#8221;default&#8221;][et_pb_text admin_label=&#8221;About me&#8221; module_class=&#8221;tekst_wrapper&#8221; _builder_version=&#8221;4.6.6&#8243; _module_preset=&#8221;default&#8221; header_text_color=&#8221;#000000&#8243; header_2_text_color=&#8221;#de0000&#8243; header_2_font_size=&#8221;25px&#8221;]<\/p>\n<h1 style=\"text-align: center;\">O meni<\/h1>\n<div id=\"attachment_40\" style=\"width: 937px\" class=\"wp-caption alignnone\"><img loading=\"lazy\" decoding=\"async\" aria-describedby=\"caption-attachment-40\" class=\"wp-image-40 size-full\" src=\"https:\/\/walkwithtito.com\/wp-content\/uploads\/2020\/09\/Danijela-Matijevia.png\" alt=\"Danijela Matijevi\u0107 ispred HNB-a\" width=\"927\" height=\"617\" srcset=\"https:\/\/walkwithtito.com\/wp-content\/uploads\/2020\/09\/Danijela-Matijevia.png 927w, https:\/\/walkwithtito.com\/wp-content\/uploads\/2020\/09\/Danijela-Matijevia-480x319.png 480w\" sizes=\"(min-width: 0px) and (max-width: 480px) 480px, (min-width: 481px) 927px, 100vw\" \/><p id=\"caption-attachment-40\" class=\"wp-caption-text\">\u00a9 foto: Marko Vrdoljak<\/p><\/div>\n<p>Diplomirala sam Politologiju na Fakultetu politi\u010dkih znanosti u Zagrebu. Tijekom studija, ured Amnesty Internationala Hrvatske bio mi je idealan poligon za mladena\u010dke ideale, ali i bru\u0161enje komunikacijskih vje\u0161tina u vidu pisanja apela punih entuzijazma, poticanja gra\u0111ana na ve\u0107u svjesnost o ljudskim pravima i sudjelovanja u lobiranju. Volontiranje u AIH me upoznalo s radom u NGO sektoru, ali kako su pisanje i slu\u0161anje pri\u010da odvijek bile moje najve\u0107e strasti, to je dodatno u\u010dvrstilo moju odluku da se oku\u0161am u novinarstvu.<\/p>\n<p>Zaposlila sam se u redakciji 24sata\/Ve\u010dernjeg lista. Rad u novinama bio je jedan zadivljuju\u0107i \u0161areni svijet adrenalina koji me i danas odu\u0161evljava. Predlaganje vlastitih tema, kreiranje pri\u010da, pronalazak sugovornika do kojih je te\u0161ko do\u0107i, kao i aktivno sudjelovanje u slaganju vizualnog identiteta novine uzbudljiv su i kreativan posao koji je bio idealna priprema za moj slijede\u0107i medijski izazov \u2013 mjesto PR managera agencije Only Men Stuff. Bila sam jedina \u017eena u Hrvatskoj zadu\u017eena za cjelokupni PR Hrvatske MMA lige, a kasnije i Europske MMA lige.<\/p>\n<p>Nakon tog podviga dvije godine radila sam kao freelance PR savjetnik. Kao politologu bio mi je zanimljiv volonterski anga\u017eman na medijskoj kampanji organizacije, a kasnije i politi\u010dke stranke u nastanku \u2013 Radni\u010dke fronte tijekom 2015. godine\u00a0(samo jedan od primjera je uspje\u0161na online i offline kampanja protiv privatizacije Imunolo\u0161kog zavoda), kao i mno\u0161tvo ostalih provokativnih akcija koje su plijenile pa\u017enju medijske javnosti. Sudjelovala sam u propagandnom radu inicijative Zaustavimo TTIP te \u010dlanove inicijative medijskim treninzima pripremala sam za javne nastupe. Vodila sam cijeli PR za Premier boksa\u010dku ligu u suradnji s tvrtkom OnlyMenStuff i Hrvatskim boksa\u010dkim savezom.<\/p>\n<p>Posljednji put kada sam se vratila svojoj staroj ljubavi &#8211; novinarstvu bila je 2017. godina kada sam pisala u redakciji Telegram.hr-a. Nakon toga odlu\u010dila sam objesiti novinarske papu\u010dice o klin i preseliti u Berlin. Dvije godine \u017eivjela sam i radila u tom zadivljuju\u0107em gradu gdje se stvarala i prelamala povijest 20.stolje\u0107a. Pored fotografskog i PR rada za malu galeriju Voodoo55 u berlinskom umjetni\u010dkom kvartu Wedding, kao turisti\u010dki vodi\u010d na engleskom jeziku vodila sam ture po najznamenitijim dijelovima Berlina. Imala sam slobodu sama osmisliti sadr\u017eaj svojih \u0161etnji \u0161to je bio dodatan izazov koji me vratio ljepoti pisanja pri\u010da, te mi otkrio svu magiju pri\u010danja pri\u010da.<\/p>\n<div id=\"attachment_39\" style=\"width: 939px\" class=\"wp-caption alignnone\"><img loading=\"lazy\" decoding=\"async\" aria-describedby=\"caption-attachment-39\" class=\"wp-image-39 size-full\" src=\"https:\/\/walkwithtito.com\/wp-content\/uploads\/2020\/09\/Danijela-Matijevia-2.png\" alt=\"Danijela Matijev\" width=\"929\" height=\"480\" srcset=\"https:\/\/walkwithtito.com\/wp-content\/uploads\/2020\/09\/Danijela-Matijevia-2.png 929w, https:\/\/walkwithtito.com\/wp-content\/uploads\/2020\/09\/Danijela-Matijevia-2-480x248.png 480w\" sizes=\"(min-width: 0px) and (max-width: 480px) 480px, (min-width: 481px) 929px, 100vw\" \/><p id=\"caption-attachment-39\" class=\"wp-caption-text\">\u00a9 foto: Marko Vrdoljak<\/p><\/div>\n<p>Pri\u010daju\u0107i o turbulentnoj pro\u0161losti Berlina, pokazivaju\u0107i kanal gdje je bila ubijena Rosa Luxemburg, govore\u0107i o zadnjim danima Adolfa Hitlera i Eve Braun na napu\u0161tenom parkirali\u0161tu ispod kojeg se krije Hitlerov bunker, obilaze\u0107i u ti\u0161ini Memorijal Holokausta koji se nalazi tik do Branderbu\u0161kih vrata, sje\u0107aju\u0107i se Hannahe Arendt i njezine <em>banalnosti zla <\/em>dok turisti besplatno ulaze u Topografiju terora (dokumentarni centar o nacisti\u010dkim zlo\u010dinima koji se nalazi na mjestu gdje je nekad bila zgrada Gestapoa), dolaze\u0107i do ostataka Berlinskog zida i sje\u0107aju\u0107i se ljudi koji su stradali u uzaludnim poku\u0161ajima da prebjegnu u Zapadni Berlin, iznose\u0107i svjedo\u010danstva starih Berlin\u010dana koji dobro pamte teror Stasija, odlaze\u0107i do Treptower parka gdje se nalazi impresivni Memorijal Sovjetima kao simbol antifa\u0161isti\u010dke pobjede, ali \u010dude\u0107i se da jo\u0161 uvijek tamo stoji i Staljinova glava te neki njegov nakardani citat, dolaze\u0107i do gradske vije\u0107nice u Sch\u00f6nebergu\u00a0 ispred koje je Kennedy izgovorio onu svoju poznatu \u2018Ich bin ein Berliner\u2018, nakon svog tog vertiga povijesti i ideologija, ljudskih stradanja i borbe, mir se pronalazi u jednom od barova gdje su partijali i stvarali Iggy Pop i David Bowie. Cause, We Could Be Heros Just For One Day.<\/p>\n<p>Dvije uzbudljive godine u Berlinu bile su dovoljne da se po\u017eelim vratiti u svoju zemlju. I ispri\u010dati fascinantne pri\u010de koje jo\u0161 nisu ispri\u010dane u mom Zagrebu. Tako je nastala Walk with Tito tura koja pri\u010da pri\u010du o antifa\u0161isti\u010dkom otporu u Zagrebu tijekom vladavine marionetske NDH, partizanskim podvizima, ulozi Josipa Broza Tita, stvaranju socijalisti\u010dke Jugoslavije, njenim uspjesima, ali i ponorima te jednom avangardnom vremenu koje je nestalo u krvavom raspadu Jugoslavije 90-ih.<\/p>\n<p style=\"text-align: right;\">Danijela Matijevi\u0107, autor &amp; vodi\u010d<\/p>\n<p>[\/et_pb_text][\/et_pb_column][et_pb_column type=&#8221;1_5&#8243; _builder_version=&#8221;4.5.7&#8243; _module_preset=&#8221;default&#8221;][\/et_pb_column][\/et_pb_row][et_pb_row _builder_version=&#8221;4.5.7&#8243; _module_preset=&#8221;default&#8221;][et_pb_column type=&#8221;4_4&#8243; _builder_version=&#8221;4.5.7&#8243; _module_preset=&#8221;default&#8221;][et_pb_text admin_label=&#8221;Ich bin ein Berliner&#8230;&#8221; module_class=&#8221;tekst_prije_galerije_wrapper&#8221; _builder_version=&#8221;4.5.7&#8243; _module_preset=&#8221;default&#8221; text_font=&#8221;Anton||||||||&#8221; text_text_color=&#8221;#000000&#8243; text_font_size=&#8221;18px&#8221; header_2_font=&#8221;||||||||&#8221; header_2_text_color=&#8221;#de0000&#8243; header_2_font_size=&#8221;35px&#8221; custom_margin=&#8221;||0px||false|false&#8221;]<\/p>\n<h2>Ich bin ein Berliner&#8230;<\/h2>\n<p>[\/et_pb_text][et_pb_text admin_label=&#8221;galerija&#8221; module_class=&#8221;galerija_wrapper&#8221; _builder_version=&#8221;4.6.6&#8243; _module_preset=&#8221;default&#8221;]<\/p>\n<ul class=\"et_post_gallery clearfix\">\n\t\t\t\t\t<li class=\"et_gallery_item et_pb_gallery_image\">\n\t\t\t\t\t\t<a href=\"https:\/\/walkwithtito.com\/wp-content\/uploads\/2020\/09\/Berlin_01.jpg\" title=\"Berlin_01\">\n\t\t\t\t\t\t\t<span class=\"et_portfolio_image\">\n\t\t\t\t\t\t\t\t<img loading=\"lazy\" decoding=\"async\" width=\"400\" height=\"284\" src=\"https:\/\/walkwithtito.com\/wp-content\/uploads\/2020\/09\/Berlin_01-400x284.jpg\" class=\"attachment-et-pb-portfolio-image size-et-pb-portfolio-image\" alt=\"\" \/>\n\t\t\t\t\t\t\t\t<span class=\"et_overlay\"><\/span>\n\t\t\t\t\t\t\t<\/span>\n\t\t\t\t\t\t<\/a>\n\t\t\t\t\t\t<p class=\"et_pb_gallery_caption\">Che<\/p>\n\t\t\t\t\t<\/li><li class=\"et_gallery_item et_pb_gallery_image\">\n\t\t\t\t\t\t<a href=\"https:\/\/walkwithtito.com\/wp-content\/uploads\/2020\/09\/Berlin_02.jpg\" title=\"Berlin_02\">\n\t\t\t\t\t\t\t<span class=\"et_portfolio_image\">\n\t\t\t\t\t\t\t\t<img loading=\"lazy\" decoding=\"async\" width=\"400\" height=\"284\" src=\"https:\/\/walkwithtito.com\/wp-content\/uploads\/2020\/09\/Berlin_02-400x284.jpg\" class=\"attachment-et-pb-portfolio-image size-et-pb-portfolio-image\" alt=\"\" \/>\n\t\t\t\t\t\t\t\t<span class=\"et_overlay\"><\/span>\n\t\t\t\t\t\t\t<\/span>\n\t\t\t\t\t\t<\/a>\n\t\t\t\t\t\t<p class=\"et_pb_gallery_caption\">Neuk\u00f6lln<\/p>\n\t\t\t\t\t<\/li><li class=\"et_gallery_item et_pb_gallery_image\">\n\t\t\t\t\t\t<a href=\"https:\/\/walkwithtito.com\/wp-content\/uploads\/2020\/09\/Berlin_03.jpg\" title=\"Berlin_03\">\n\t\t\t\t\t\t\t<span class=\"et_portfolio_image\">\n\t\t\t\t\t\t\t\t<img loading=\"lazy\" decoding=\"async\" width=\"400\" height=\"284\" src=\"https:\/\/walkwithtito.com\/wp-content\/uploads\/2020\/09\/Berlin_03-400x284.jpg\" class=\"attachment-et-pb-portfolio-image size-et-pb-portfolio-image\" alt=\"\" \/>\n\t\t\t\t\t\t\t\t<span class=\"et_overlay\"><\/span>\n\t\t\t\t\t\t\t<\/span>\n\t\t\t\t\t\t<\/a>\n\t\t\t\t\t\t<p class=\"et_pb_gallery_caption\">Berlinski zid<\/p>\n\t\t\t\t\t<\/li><li class=\"et_gallery_item et_pb_gallery_image\">\n\t\t\t\t\t\t<a href=\"https:\/\/walkwithtito.com\/wp-content\/uploads\/2020\/09\/Berlin_04.jpg\" title=\"Berlin_04\">\n\t\t\t\t\t\t\t<span class=\"et_portfolio_image\">\n\t\t\t\t\t\t\t\t<img loading=\"lazy\" decoding=\"async\" width=\"400\" height=\"284\" src=\"https:\/\/walkwithtito.com\/wp-content\/uploads\/2020\/09\/Berlin_04-400x284.jpg\" class=\"attachment-et-pb-portfolio-image size-et-pb-portfolio-image\" alt=\"\" \/>\n\t\t\t\t\t\t\t\t<span class=\"et_overlay\"><\/span>\n\t\t\t\t\t\t\t<\/span>\n\t\t\t\t\t\t<\/a>\n\t\t\t\t\t\t<p class=\"et_pb_gallery_caption\">Berlinski zid<\/p>\n\t\t\t\t\t<\/li><li class=\"et_gallery_item et_pb_gallery_image\">\n\t\t\t\t\t\t<a href=\"https:\/\/walkwithtito.com\/wp-content\/uploads\/2020\/09\/Berlin_05.jpg\" title=\"Berlin_05\">\n\t\t\t\t\t\t\t<span class=\"et_portfolio_image\">\n\t\t\t\t\t\t\t\t<img loading=\"lazy\" decoding=\"async\" width=\"400\" height=\"284\" src=\"https:\/\/walkwithtito.com\/wp-content\/uploads\/2020\/09\/Berlin_05-400x284.jpg\" class=\"attachment-et-pb-portfolio-image size-et-pb-portfolio-image\" alt=\"\" \/>\n\t\t\t\t\t\t\t\t<span class=\"et_overlay\"><\/span>\n\t\t\t\t\t\t\t<\/span>\n\t\t\t\t\t\t<\/a>\n\t\t\t\t\t\t<p class=\"et_pb_gallery_caption\">Treptower Park<\/p>\n\t\t\t\t\t<\/li><li class=\"et_gallery_item et_pb_gallery_image\">\n\t\t\t\t\t\t<a href=\"https:\/\/walkwithtito.com\/wp-content\/uploads\/2020\/09\/Berlin_06.jpg\" title=\"Berlin_06\">\n\t\t\t\t\t\t\t<span class=\"et_portfolio_image\">\n\t\t\t\t\t\t\t\t<img loading=\"lazy\" decoding=\"async\" width=\"400\" height=\"284\" src=\"https:\/\/walkwithtito.com\/wp-content\/uploads\/2020\/09\/Berlin_06-400x284.jpg\" class=\"attachment-et-pb-portfolio-image size-et-pb-portfolio-image\" alt=\"\" \/>\n\t\t\t\t\t\t\t\t<span class=\"et_overlay\"><\/span>\n\t\t\t\t\t\t\t<\/span>\n\t\t\t\t\t\t<\/a>\n\t\t\t\t\t\t<p class=\"et_pb_gallery_caption\">ZOO<\/p>\n\t\t\t\t\t<\/li><li class=\"et_gallery_item et_pb_gallery_image\">\n\t\t\t\t\t\t<a href=\"https:\/\/walkwithtito.com\/wp-content\/uploads\/2020\/09\/Berlin_07.jpg\" title=\"Berlin_07\">\n\t\t\t\t\t\t\t<span class=\"et_portfolio_image\">\n\t\t\t\t\t\t\t\t<img loading=\"lazy\" decoding=\"async\" width=\"400\" height=\"284\" src=\"https:\/\/walkwithtito.com\/wp-content\/uploads\/2020\/09\/Berlin_07-400x284.jpg\" class=\"attachment-et-pb-portfolio-image size-et-pb-portfolio-image\" alt=\"\" \/>\n\t\t\t\t\t\t\t\t<span class=\"et_overlay\"><\/span>\n\t\t\t\t\t\t\t<\/span>\n\t\t\t\t\t\t<\/a>\n\t\t\t\t\t\t<p class=\"et_pb_gallery_caption\">Berlinska katedrala<\/p>\n\t\t\t\t\t<\/li><li class=\"et_gallery_item et_pb_gallery_image\">\n\t\t\t\t\t\t<a href=\"https:\/\/walkwithtito.com\/wp-content\/uploads\/2020\/09\/Berlin_08.jpg\" title=\"Berlin_08\">\n\t\t\t\t\t\t\t<span class=\"et_portfolio_image\">\n\t\t\t\t\t\t\t\t<img loading=\"lazy\" decoding=\"async\" width=\"400\" height=\"284\" src=\"https:\/\/walkwithtito.com\/wp-content\/uploads\/2020\/09\/Berlin_08-400x284.jpg\" class=\"attachment-et-pb-portfolio-image size-et-pb-portfolio-image\" alt=\"\" \/>\n\t\t\t\t\t\t\t\t<span class=\"et_overlay\"><\/span>\n\t\t\t\t\t\t\t<\/span>\n\t\t\t\t\t\t<\/a>\n\t\t\t\t\t\t<p class=\"et_pb_gallery_caption\">Treptower Park<\/p>\n\t\t\t\t\t<\/li><li class=\"et_gallery_item et_pb_gallery_image\">\n\t\t\t\t\t\t<a href=\"https:\/\/walkwithtito.com\/wp-content\/uploads\/2020\/09\/Berlin_09.jpg\" title=\"Berlin_09\">\n\t\t\t\t\t\t\t<span class=\"et_portfolio_image\">\n\t\t\t\t\t\t\t\t<img loading=\"lazy\" decoding=\"async\" width=\"400\" height=\"284\" src=\"https:\/\/walkwithtito.com\/wp-content\/uploads\/2020\/09\/Berlin_09-400x284.jpg\" class=\"attachment-et-pb-portfolio-image size-et-pb-portfolio-image\" alt=\"\" \/>\n\t\t\t\t\t\t\t\t<span class=\"et_overlay\"><\/span>\n\t\t\t\t\t\t\t<\/span>\n\t\t\t\t\t\t<\/a>\n\t\t\t\t\t\t<p class=\"et_pb_gallery_caption\">Treptower Park<\/p>\n\t\t\t\t\t<\/li><li class=\"et_gallery_item et_pb_gallery_image\">\n\t\t\t\t\t\t<a href=\"https:\/\/walkwithtito.com\/wp-content\/uploads\/2020\/09\/Berlin_10.jpg\" title=\"Berlin_10\">\n\t\t\t\t\t\t\t<span class=\"et_portfolio_image\">\n\t\t\t\t\t\t\t\t<img loading=\"lazy\" decoding=\"async\" width=\"400\" height=\"284\" src=\"https:\/\/walkwithtito.com\/wp-content\/uploads\/2020\/09\/Berlin_10-400x284.jpg\" class=\"attachment-et-pb-portfolio-image size-et-pb-portfolio-image\" alt=\"\" \/>\n\t\t\t\t\t\t\t\t<span class=\"et_overlay\"><\/span>\n\t\t\t\t\t\t\t<\/span>\n\t\t\t\t\t\t<\/a>\n\t\t\t\t\t\t<p class=\"et_pb_gallery_caption\">Marx-Engles Forum<\/p>\n\t\t\t\t\t<\/li>\n\t\t\t\t<\/ul>\n<p>[\/et_pb_text][\/et_pb_column][\/et_pb_row][\/et_pb_section]<\/p>\n","protected":false},"excerpt":{"rendered":"<p>[et_pb_section fb_built=&#8221;1&#8243; _builder_version=&#8221;4.5.7&#8243; _module_preset=&#8221;default&#8221;][et_pb_row column_structure=&#8221;1_5,3_5,1_5&#8243; _builder_version=&#8221;4.5.7&#8243; _module_preset=&#8221;default&#8221;][et_pb_column type=&#8221;1_5&#8243; _builder_version=&#8221;4.5.7&#8243; _module_preset=&#8221;default&#8221;][\/et_pb_column][et_pb_column type=&#8221;3_5&#8243; _builder_version=&#8221;4.5.7&#8243; _module_preset=&#8221;default&#8221;][et_pb_text admin_label=&#8221;About me&#8221; module_class=&#8221;tekst_wrapper&#8221; _builder_version=&#8221;4.6.6&#8243; _module_preset=&#8221;default&#8221; header_text_color=&#8221;#000000&#8243; header_2_text_color=&#8221;#de0000&#8243; header_2_font_size=&#8221;25px&#8221;] O meni Diplomirala sam Politologiju na Fakultetu politi\u010dkih znanosti u Zagrebu. Tijekom studija, ured Amnesty Internationala Hrvatske bio mi je idealan poligon za mladena\u010dke ideale, ali i bru\u0161enje komunikacijskih vje\u0161tina u vidu pisanja apela [&hellip;]<\/p>\n","protected":false},"author":1,"featured_media":747,"parent":0,"menu_order":0,"comment_status":"closed","ping_status":"closed","template":"","meta":{"_et_pb_use_builder":"on","_et_pb_old_content":"<p>[et_pb_section fb_built=\"1\" _builder_version=\"4.5.7\" _module_preset=\"default\"][et_pb_row column_structure=\"1_5,3_5,1_5\" _builder_version=\"4.5.7\" _module_preset=\"default\"][et_pb_column type=\"1_5\" _builder_version=\"4.5.7\" _module_preset=\"default\"][\/et_pb_column][et_pb_column type=\"3_5\" _builder_version=\"4.5.7\" _module_preset=\"default\"][et_pb_text admin_label=\"About me\" _builder_version=\"4.5.7\" _module_preset=\"default\" header_text_color=\"#000000\" header_2_text_color=\"#de0000\" header_2_font_size=\"25px\" hover_enabled=\"0\" module_class=\"tekst_wrapper\"]<\/p><h1 style=\"text-align: center;\">About me<\/h1>[caption id=\"attachment_40\" align=\"alignnone\" width=\"927\"]<img class=\"wp-image-318 size-full\" src=\"https:\/\/walkwithtito.com\/wp-content\/uploads\/2020\/09\/Danijela-Matijevia.png\" alt=\"Danijela Matijevi\u0107 ispred HNB-a\" width=\"927\" height=\"617\" \/> \u00a9 foto: Marko Vrdoljak[\/caption]<p>Diplomirala sam Politologiju na Fakultetu politickih znanosti u Zagrebu. Tijekom studija, ured Amnesty Internationala Hrvatske bio mi je idealan poligon za mladena\u010dke ideale, ali i bru\u0161enje komunikacijskih vje\u0161tina u vidu pisanja apela punih entuzijazma, poticanja gra\u0111ana na ve\u0107u svjesnost o ljudskim pravima i sudjelovanja u lobiranju. Volontiranje u AIH me upoznalo s radom u NGO sektoru, ali kako su pisanje i slusanje prica odvijek bile moje najve\u0107e strasti, to je dodatno u\u010dvrstilo moju odluku da se oku\u0161am u novinarstvu.<\/p><p>Zaposlila sam se u redakciji 24sata\/Ve\u010dernjeg lista. Rad u novinama bio je jedan zadivljuju\u0107i \u0161areni svijet adrenalina koji me i danas odu\u0161evljava. Predlaganje vlastitih tema, kreiranje pri\u010da, pronalazak sugovornika do kojih je te\u0161ko do\u0107i, kao i aktivno sudjelovanje u slaganju vizualnog identiteta novine uzbudljiv su i kreativan posao koji je bio idealna priprema za moj slijede\u0107i medijski izazov \u2013 mjesto PR managera agencije Only Men Stuff.<\/p><p>Nakon tog podviga dvije godine radila sam kao freelance PR savjetnik. Kao politologu bio mi je iznimno zanimljiv anga\u017eman na medijskoj kampanji organizacije, a kasnije i politi\u010dke stranke u nastanku \u2013 Radni\u010dke fronte tijekom 2015. godine\u00a0(samo jedan od primjera je uspje\u0161na online i offline kampanja protiv privatizacije Imunolo\u0161kog zavoda, kao i mno\u0161tvo ostalih provokativnih akcija koje su plijenile pa\u017enju medijske javnosti. Sudjelovala sam u propagandnom radu inicijative Zaustavimo TTIP te \u010dlanove inicijative medijskim treninzima pripremala sam za javne nastupe. Vodila sam cijeli PR za Premier boksa\u010dku ligu u suradnji s tvrtkom OnlyMenStuff i Hrvatskim boksa\u010dkim savezom.<\/p><p>Posljednji put kada sam se vratila svojoj staroj ljubavi - novinarstvu bila je 2017. godina kada sam pisala u redakciji Telegram.hr-a. Nakon toga odlucila sam objesiti novinarske papucice o klin i preseliti u Berlin. Dvije godine zivjela sam i radila u tom zadivljujucem gradu gdje se stvarala i prelamala povijest 20.stoljeca. Pored fotografskog i PR rada za malu galeriju Voodoo55 u berlinskom umjetnickom kvartu Wedding, kao turisticki vodic na engleskom jeziku vodila sam ture po najznamenitijim dijelovima Berlina. Imala sam slobodu sama osmisliti sadrzaj svojih setnji sto je bio dodatan izazov koji me vratio ljepoti pisanja prica, te mi otkrio svu magiju pricanja prica.<\/p>[caption id=\"attachment_39\" align=\"alignnone\" width=\"929\"]<img class=\"wp-image-317 size-full\" src=\"https:\/\/walkwithtito.com\/wp-content\/uploads\/2020\/09\/Danijela-Matijevia-2.png\" alt=\"Danijela Matijev\" width=\"929\" height=\"480\" \/> \u00a9 foto: Marko Vrdoljak[\/caption]<p>Pricajuci o turbulentnoj proslosti Berlina, pokazivajuci kanal gdje je bila ubijena Rosa Luxemburg, govoreci o zadnjim danima Adolfa Hitlera i Eve Braun na napustenom parkiralistu ispod kojeg se krije Hitlerov bunker, obilazeci u tisini Memorijal Holokausta koji se nalazi tik do Branderbuskih vrata, sjecajuci se Hannahe Arendt i njezine <em>banalnosti zla <\/em>dok turisti besplatno ulaze u Topografiju terora (dokumentarni centar o nacistickim zlocinima koji se nalazi na mjestu gdje je nekad bila zgrada Gestapoa), dolazeci do ostataka Berlinskog zida i prisjecajuci se ljudi koji su stradali u uzaludnim pokusajima da prebjegnu u Zapadni Berlin, iznoseci svjedocanstva starih Berlincana koji dobro pamte teror Stasija, odlazeci do Treptower parka gdje se nalazi impresivni Memorijal Sovjetima kao simbol antifasisticke pobjede, ali cudeci se da jos uvijek tamo stoji i Staljinova glava te neki njegov nakardani citat, dolazeci do gradske vjecnice u Sch\u00f6nebergu\u00a0 ispred koje je Kennedy izgovorio onu svoju poznatu \u2018Ich bin ein Berliner\u2018, nakon svog tog vertiga povijesti i ideologija, ljudskih stradanja i borbe, mir se pronalazi u jednom od barova gdje su partijali i stvarali Iggy Pop i David Bowie. Cause, We Could Be Heros Just For One Day.<\/p><p>Dvije uzbudljive godine u Berlinu bile su dovoljne da se pozelim vratiti u svoju zemlju. I ispricati fascinantne price koje jos nisu ispricane u mom Zagrebu. Tako je nastala Walk with Tito tura koja prica pricu o antifastisckom otporu u Zagrebu tijekom vladavine marionetske NDH, partizanskim podvizima, ulozi Josipa Broza Tita, stvaranju socijalisticke Jugoslavije, njenim uspjesima, ali i ponorima te jednom avangardnom vremenu koje je nestalo u krvavom raspadu Jugoslavije 90-ih.<\/p><p>[\/et_pb_text][\/et_pb_column][et_pb_column type=\"1_5\" _builder_version=\"4.5.7\" _module_preset=\"default\"][\/et_pb_column][\/et_pb_row][\/et_pb_section][et_pb_section fb_built=\"1\" _builder_version=\"4.5.7\" _module_preset=\"default\"][et_pb_row _builder_version=\"4.5.7\" _module_preset=\"default\"][et_pb_column type=\"4_4\" _builder_version=\"4.5.7\" _module_preset=\"default\"][et_pb_text admin_label=\"Ich bin ein Berliner...\" module_class=\"tekst_prije_galerije_wrapper\" _builder_version=\"4.5.7\" _module_preset=\"default\" text_font=\"Anton||||||||\" text_text_color=\"#000000\" text_font_size=\"18px\" header_2_font=\"||||||||\" header_2_text_color=\"#de0000\" header_2_font_size=\"35px\" custom_margin=\"||0px||false|false\"]<\/p><h2>Ich bin ein Berliner...<\/h2><p>\u00a0[\/et_pb_text][et_pb_text admin_label=\"galerija\" module_class=\"galerija_wrapper\" _builder_version=\"4.5.7\" _module_preset=\"default\"]<\/p><p>[gallery link=\"file\" size=\"large\" columns=\"9\" ids=\"244,245,246,247,248,249,250,251,252,253\"]<\/p><p>[\/et_pb_text][\/et_pb_column][\/et_pb_row][\/et_pb_section]<\/p>","_et_gb_content_width":"","footnotes":""},"acf":[],"yoast_head":"<!-- This site is optimized with the Yoast SEO plugin v21.6 - https:\/\/yoast.com\/wordpress\/plugins\/seo\/ -->\n<title>O meni - Walk with Tito<\/title>\n<meta name=\"robots\" content=\"index, follow, max-snippet:-1, max-image-preview:large, max-video-preview:-1\" \/>\n<link rel=\"canonical\" href=\"https:\/\/walkwithtito.com\/hr\/o-meni\/\" \/>\n<meta property=\"og:locale\" content=\"hr_HR\" \/>\n<meta property=\"og:type\" content=\"article\" \/>\n<meta property=\"og:title\" content=\"O meni - Walk with Tito\" \/>\n<meta property=\"og:description\" content=\"[et_pb_section fb_built=&#8221;1&#8243; _builder_version=&#8221;4.5.7&#8243; _module_preset=&#8221;default&#8221;][et_pb_row column_structure=&#8221;1_5,3_5,1_5&#8243; _builder_version=&#8221;4.5.7&#8243; _module_preset=&#8221;default&#8221;][et_pb_column type=&#8221;1_5&#8243; _builder_version=&#8221;4.5.7&#8243; _module_preset=&#8221;default&#8221;][\/et_pb_column][et_pb_column type=&#8221;3_5&#8243; _builder_version=&#8221;4.5.7&#8243; _module_preset=&#8221;default&#8221;][et_pb_text admin_label=&#8221;About me&#8221; module_class=&#8221;tekst_wrapper&#8221; _builder_version=&#8221;4.6.6&#8243; _module_preset=&#8221;default&#8221; header_text_color=&#8221;#000000&#8243; header_2_text_color=&#8221;#de0000&#8243; header_2_font_size=&#8221;25px&#8221;] O meni Diplomirala sam Politologiju na Fakultetu politi\u010dkih znanosti u Zagrebu. Tijekom studija, ured Amnesty Internationala Hrvatske bio mi je idealan poligon za mladena\u010dke ideale, ali i bru\u0161enje komunikacijskih vje\u0161tina u vidu pisanja apela [&hellip;]\" \/>\n<meta property=\"og:url\" content=\"https:\/\/walkwithtito.com\/hr\/o-meni\/\" \/>\n<meta property=\"og:site_name\" content=\"Walk with Tito\" \/>\n<meta property=\"article:modified_time\" content=\"2020-12-18T11:54:47+00:00\" \/>\n<meta property=\"og:image\" content=\"https:\/\/walkwithtito.com\/wp-content\/uploads\/2020\/12\/FB_3.jpg\" \/>\n\t<meta property=\"og:image:width\" content=\"400\" \/>\n\t<meta property=\"og:image:height\" content=\"209\" \/>\n\t<meta property=\"og:image:type\" content=\"image\/jpeg\" \/>\n<meta name=\"twitter:card\" content=\"summary_large_image\" \/>\n<meta name=\"twitter:label1\" content=\"Procijenjeno vrijeme \u010ditanja\" \/>\n\t<meta name=\"twitter:data1\" content=\"5 minuta\" \/>\n<script type=\"application\/ld+json\" class=\"yoast-schema-graph\">{\"@context\":\"https:\/\/schema.org\",\"@graph\":[{\"@type\":\"WebPage\",\"@id\":\"https:\/\/walkwithtito.com\/hr\/o-meni\/\",\"url\":\"https:\/\/walkwithtito.com\/hr\/o-meni\/\",\"name\":\"O meni - Walk with Tito\",\"isPartOf\":{\"@id\":\"https:\/\/walkwithtito.com\/#website\"},\"datePublished\":\"2020-09-21T14:27:53+00:00\",\"dateModified\":\"2020-12-18T11:54:47+00:00\",\"breadcrumb\":{\"@id\":\"https:\/\/walkwithtito.com\/hr\/o-meni\/#breadcrumb\"},\"inLanguage\":\"hr\",\"potentialAction\":[{\"@type\":\"ReadAction\",\"target\":[\"https:\/\/walkwithtito.com\/hr\/o-meni\/\"]}]},{\"@type\":\"BreadcrumbList\",\"@id\":\"https:\/\/walkwithtito.com\/hr\/o-meni\/#breadcrumb\",\"itemListElement\":[{\"@type\":\"ListItem\",\"position\":1,\"name\":\"Home\",\"item\":\"https:\/\/walkwithtito.com\/hr\/\"},{\"@type\":\"ListItem\",\"position\":2,\"name\":\"O meni\"}]},{\"@type\":\"WebSite\",\"@id\":\"https:\/\/walkwithtito.com\/#website\",\"url\":\"https:\/\/walkwithtito.com\/\",\"name\":\"Walk with Tito\",\"description\":\"\",\"potentialAction\":[{\"@type\":\"SearchAction\",\"target\":{\"@type\":\"EntryPoint\",\"urlTemplate\":\"https:\/\/walkwithtito.com\/?s={search_term_string}\"},\"query-input\":\"required name=search_term_string\"}],\"inLanguage\":\"hr\"}]}<\/script>\n<!-- \/ Yoast SEO plugin. -->","yoast_head_json":{"title":"O meni - Walk with Tito","robots":{"index":"index","follow":"follow","max-snippet":"max-snippet:-1","max-image-preview":"max-image-preview:large","max-video-preview":"max-video-preview:-1"},"canonical":"https:\/\/walkwithtito.com\/hr\/o-meni\/","og_locale":"hr_HR","og_type":"article","og_title":"O meni - Walk with Tito","og_description":"[et_pb_section fb_built=&#8221;1&#8243; _builder_version=&#8221;4.5.7&#8243; _module_preset=&#8221;default&#8221;][et_pb_row column_structure=&#8221;1_5,3_5,1_5&#8243; _builder_version=&#8221;4.5.7&#8243; _module_preset=&#8221;default&#8221;][et_pb_column type=&#8221;1_5&#8243; _builder_version=&#8221;4.5.7&#8243; _module_preset=&#8221;default&#8221;][\/et_pb_column][et_pb_column type=&#8221;3_5&#8243; _builder_version=&#8221;4.5.7&#8243; _module_preset=&#8221;default&#8221;][et_pb_text admin_label=&#8221;About me&#8221; module_class=&#8221;tekst_wrapper&#8221; _builder_version=&#8221;4.6.6&#8243; _module_preset=&#8221;default&#8221; header_text_color=&#8221;#000000&#8243; header_2_text_color=&#8221;#de0000&#8243; header_2_font_size=&#8221;25px&#8221;] O meni Diplomirala sam Politologiju na Fakultetu politi\u010dkih znanosti u Zagrebu. Tijekom studija, ured Amnesty Internationala Hrvatske bio mi je idealan poligon za mladena\u010dke ideale, ali i bru\u0161enje komunikacijskih vje\u0161tina u vidu pisanja apela [&hellip;]","og_url":"https:\/\/walkwithtito.com\/hr\/o-meni\/","og_site_name":"Walk with Tito","article_modified_time":"2020-12-18T11:54:47+00:00","og_image":[{"width":400,"height":209,"url":"https:\/\/walkwithtito.com\/wp-content\/uploads\/2020\/12\/FB_3.jpg","type":"image\/jpeg"}],"twitter_card":"summary_large_image","twitter_misc":{"Procijenjeno vrijeme \u010ditanja":"5 minuta"},"schema":{"@context":"https:\/\/schema.org","@graph":[{"@type":"WebPage","@id":"https:\/\/walkwithtito.com\/hr\/o-meni\/","url":"https:\/\/walkwithtito.com\/hr\/o-meni\/","name":"O meni - Walk with Tito","isPartOf":{"@id":"https:\/\/walkwithtito.com\/#website"},"datePublished":"2020-09-21T14:27:53+00:00","dateModified":"2020-12-18T11:54:47+00:00","breadcrumb":{"@id":"https:\/\/walkwithtito.com\/hr\/o-meni\/#breadcrumb"},"inLanguage":"hr","potentialAction":[{"@type":"ReadAction","target":["https:\/\/walkwithtito.com\/hr\/o-meni\/"]}]},{"@type":"BreadcrumbList","@id":"https:\/\/walkwithtito.com\/hr\/o-meni\/#breadcrumb","itemListElement":[{"@type":"ListItem","position":1,"name":"Home","item":"https:\/\/walkwithtito.com\/hr\/"},{"@type":"ListItem","position":2,"name":"O meni"}]},{"@type":"WebSite","@id":"https:\/\/walkwithtito.com\/#website","url":"https:\/\/walkwithtito.com\/","name":"Walk with Tito","description":"","potentialAction":[{"@type":"SearchAction","target":{"@type":"EntryPoint","urlTemplate":"https:\/\/walkwithtito.com\/?s={search_term_string}"},"query-input":"required name=search_term_string"}],"inLanguage":"hr"}]}},"_links":{"self":[{"href":"https:\/\/walkwithtito.com\/hr\/wp-json\/wp\/v2\/pages\/384"}],"collection":[{"href":"https:\/\/walkwithtito.com\/hr\/wp-json\/wp\/v2\/pages"}],"about":[{"href":"https:\/\/walkwithtito.com\/hr\/wp-json\/wp\/v2\/types\/page"}],"author":[{"embeddable":true,"href":"https:\/\/walkwithtito.com\/hr\/wp-json\/wp\/v2\/users\/1"}],"replies":[{"embeddable":true,"href":"https:\/\/walkwithtito.com\/hr\/wp-json\/wp\/v2\/comments?post=384"}],"version-history":[{"count":12,"href":"https:\/\/walkwithtito.com\/hr\/wp-json\/wp\/v2\/pages\/384\/revisions"}],"predecessor-version":[{"id":754,"href":"https:\/\/walkwithtito.com\/hr\/wp-json\/wp\/v2\/pages\/384\/revisions\/754"}],"wp:featuredmedia":[{"embeddable":true,"href":"https:\/\/walkwithtito.com\/hr\/wp-json\/wp\/v2\/media\/747"}],"wp:attachment":[{"href":"https:\/\/walkwithtito.com\/hr\/wp-json\/wp\/v2\/media?parent=384"}],"curies":[{"name":"wp","href":"https:\/\/api.w.org\/{rel}","templated":true}]}}